{"id":1008,"date":"2021-10-08T06:11:09","date_gmt":"2021-10-08T06:11:09","guid":{"rendered":"https:\/\/sevilma.com\/home\/"},"modified":"2026-03-10T14:31:15","modified_gmt":"2026-03-10T14:31:15","slug":"sevilma","status":"publish","type":"page","link":"https:\/\/sevilma.com\/en\/","title":{"rendered":"Sevilma"},"content":{"rendered":"<div class=\"wp-block-uagb-container uagb-block-4c4524d0 alignfull uagb-is-root-container\">\n<div class=\"wp-block-uagb-slider uagb-block-f1739e15 uagb-slider-container\"><div class=\"uagb-slides uagb-swiper\"><div class=\"swiper-wrapper\">\n<div class=\"wp-block-uagb-slider-child uagb-slider-child-wrap swiper-slide uagb-block-37dfc252\"><div class=\"swiper-content\">\n<div class=\"wp-block-uagb-container uagb-block-e0ebd32d alignfull uagb-is-root-container\">\n<div class=\"wp-block-uagb-container uagb-layout-flex uagb-block-dea882fc\">\n<div class=\"wp-block-group is-layout-constrained wp-block-group-is-layout-constrained\">\n<div class=\"wp-block-uagb-image aligncenter uagb-block-e0bad847 wp-block-uagb-image--layout-default wp-block-uagb-image--effect-static wp-block-uagb-image--align-center is-style-default\"><figure class=\"wp-block-uagb-image__figure\"><img decoding=\"async\" src=\"https:\/\/sevilma.com\/wp-content\/uploads\/sevilma-dikey-white.png\" alt=\"\" class=\"uag-image-3613\" width=\"349\" height=\"325\" title=\"sevilma-dikey-white\" loading=\"lazy\" role=\"img\"><\/figure><\/div>\n<\/div>\n<\/div>\n\n\n\n<div class=\"wp-block-uagb-container uagb-layout-flex uagb-block-0ec6c41a\">\n<div class=\"wp-block-uagb-advanced-heading uagb-block-245535be\"><h4 class=\"uagb-heading-text\">The olive, the tree of immortality. <br>Olive oil, the elixir of immortality.<\/h4><\/div>\n<\/div>\n<\/div>\n<\/div><\/div>\n\n\n\n<div class=\"wp-block-uagb-slider-child uagb-slider-child-wrap swiper-slide uagb-block-31762a83\"><div class=\"swiper-content\">\n<div class=\"wp-block-uagb-container uagb-block-fb4cbd9c alignfull uagb-is-root-container\">\n<div class=\"wp-block-uagb-container uagb-layout-flex uagb-block-33abfa60\">\n<div class=\"wp-block-group is-layout-constrained wp-block-group-is-layout-constrained\">\n<div class=\"wp-block-uagb-image aligncenter uagb-block-407f5cd2 wp-block-uagb-image--layout-default wp-block-uagb-image--effect-static wp-block-uagb-image--align-center is-style-default\"><figure class=\"wp-block-uagb-image__figure\"><img decoding=\"async\" src=\"https:\/\/sevilma.com\/wp-content\/uploads\/sevilma-dikey-white.png\" alt=\"\" class=\"uag-image-3613\" width=\"349\" height=\"325\" title=\"sevilma-dikey-white\" loading=\"lazy\" role=\"img\"><\/figure><\/div>\n<\/div>\n<\/div>\n\n\n\n<div class=\"wp-block-uagb-container uagb-layout-flex uagb-block-0cd6d0f6\">\n<div class=\"wp-block-uagb-advanced-heading uagb-block-ff0cacef\"><h4 class=\"uagb-heading-text\">The olive, the tree of immortality. <br>Olive oil, the elixir of immortality.<\/h4><\/div>\n<\/div>\n<\/div>\n<\/div><\/div>\n\n\n\n<div class=\"wp-block-uagb-slider-child uagb-slider-child-wrap swiper-slide uagb-block-607a7445\"><div class=\"swiper-content\">\n<div class=\"wp-block-uagb-container uagb-block-432c7409 alignfull uagb-is-root-container\">\n<div class=\"wp-block-uagb-container uagb-layout-flex uagb-block-c6cc9dec\">\n<div class=\"wp-block-group is-layout-constrained wp-block-group-is-layout-constrained\">\n<div class=\"wp-block-uagb-image aligncenter uagb-block-03745cd2 wp-block-uagb-image--layout-default wp-block-uagb-image--effect-static wp-block-uagb-image--align-center is-style-default\"><figure class=\"wp-block-uagb-image__figure\"><img decoding=\"async\" src=\"https:\/\/sevilma.com\/wp-content\/uploads\/sevilma-dikey-white.png\" alt=\"\" class=\"uag-image-3613\" width=\"349\" height=\"325\" title=\"sevilma-dikey-white\" loading=\"lazy\" role=\"img\"><\/figure><\/div>\n<\/div>\n<\/div>\n\n\n\n<div class=\"wp-block-uagb-container uagb-layout-flex uagb-block-6c17078c\">\n<div class=\"wp-block-uagb-advanced-heading uagb-block-0bbb4fdd\"><h4 class=\"uagb-heading-text\">The olive, the tree of immortality. <br>Olive oil, the elixir of immortality.<\/h4><\/div>\n<\/div>\n<\/div>\n<\/div><\/div>\n\n\n\n<div class=\"wp-block-uagb-slider-child uagb-slider-child-wrap swiper-slide uagb-block-708b919e\"><div class=\"swiper-content\">\n<div class=\"wp-block-uagb-container uagb-block-d06412dc alignfull uagb-is-root-container\">\n<div class=\"wp-block-uagb-container uagb-layout-flex uagb-block-132dded1\">\n<div class=\"wp-block-group is-layout-constrained wp-block-group-is-layout-constrained\">\n<div class=\"wp-block-uagb-image aligncenter uagb-block-69cff14c wp-block-uagb-image--layout-default wp-block-uagb-image--effect-static wp-block-uagb-image--align-center is-style-default\"><figure class=\"wp-block-uagb-image__figure\"><img decoding=\"async\" src=\"https:\/\/sevilma.com\/wp-content\/uploads\/sevilma-dikey-white.png\" alt=\"\" class=\"uag-image-3613\" width=\"349\" height=\"325\" title=\"sevilma-dikey-white\" loading=\"lazy\" role=\"img\"><\/figure><\/div>\n<\/div>\n<\/div>\n\n\n\n<div class=\"wp-block-uagb-container uagb-layout-flex uagb-block-b655ac14\">\n<div class=\"wp-block-uagb-advanced-heading uagb-block-d6f9f8e4\"><h4 class=\"uagb-heading-text\">The olive, the tree of immortality. <br>Olive oil, the elixir of immortality.<\/h4><\/div>\n<\/div>\n<\/div>\n<\/div><\/div>\n<\/div><\/div><div class=\"swiper-pagination\"><\/div><div class=\"swiper-button-prev\"><\/div><div class=\"swiper-button-next\"><\/div><\/div>\n<\/div>\n\n\n\n<div class=\"wp-block-uagb-container uagb-block-f517ed11 alignfull uagb-is-root-container\"><div class=\"uagb-container-inner-blocks-wrap\">\n<div class=\"wp-block-uagb-container uagb-block-a2208a64\">\n<div class=\"wp-block-uagb-container uagb-block-d1e39ade\">\n<div class=\"wp-block-uagb-advanced-heading uagb-block-b6798a00\"><h4 class=\"uagb-heading-text\">Do\u011fadan sofraya sa\u011fl\u0131kl\u0131 lezzetler<\/h4><\/div>\n<\/div>\n\n\n\n<div class=\"wp-block-uagb-container uagb-block-8234673c\">\n<div class=\"wp-block-uagb-buttons uagb-buttons__outer-wrap uagb-btn__default-btn uagb-btn-tablet__default-btn uagb-btn-mobile__default-btn uagb-block-1d09fd3f\"><div class=\"uagb-buttons__wrap uagb-buttons-layout-wrap\">\n<div class=\"wp-block-uagb-buttons-child uagb-buttons__outer-wrap uagb-block-3a44bb9b wp-block-button\"><div class=\"uagb-button__wrapper\"><a class=\"uagb-buttons-repeater wp-block-button__link\" aria-label=\"\" href=\"\/en\/magaza\/\" rel=\"follow noopener\" target=\"_self\" role=\"button\"><div class=\"uagb-button__link\">All Products<\/div><\/a><\/div><\/div>\n<\/div><\/div>\n<\/div>\n<\/div>\n\n\n\n<div class=\"wp-block-uagb-container uagb-block-0838fddb\"><div class=\"woocommerce columns-3\"><ul class=\"products columns-3\">\n<li class=\"desktop-align-center tablet-align-center mobile-align-center ast-product-gallery-layout-horizontal-slider ast-magnify-disabled ast-product-single-variable ast-product-tabs-layout-horizontal product type-product post-2753 status-publish first instock product_cat-naturel-sizma has-post-thumbnail taxable shipping-taxable purchasable product-type-variable\">\n\t<a href=\"https:\/\/sevilma.com\/en\/product\/izmir-erkence-presidium-naturel-sizma-zeytinyagi\/\" class=\"woocommerce-LoopProduct-link woocommerce-loop-product__link\"><img loading=\"lazy\" decoding=\"async\" width=\"600\" height=\"750\" src=\"https:\/\/sevilma.com\/wp-content\/uploads\/erkence-presidium-500ml-konsept-3-600x750.jpg\" class=\"attachment-woocommerce_thumbnail size-woocommerce_thumbnail\" alt=\"\u0130zmir Erkence Presidium\" srcset=\"https:\/\/sevilma.com\/wp-content\/uploads\/erkence-presidium-500ml-konsept-3-600x750.jpg 600w, https:\/\/sevilma.com\/wp-content\/uploads\/erkence-presidium-500ml-konsept-3-240x300.jpg 240w, https:\/\/sevilma.com\/wp-content\/uploads\/erkence-presidium-500ml-konsept-3-819x1024.jpg 819w, https:\/\/sevilma.com\/wp-content\/uploads\/erkence-presidium-500ml-konsept-3-768x960.jpg 768w, https:\/\/sevilma.com\/wp-content\/uploads\/erkence-presidium-500ml-konsept-3-10x12.jpg 10w, https:\/\/sevilma.com\/wp-content\/uploads\/erkence-presidium-500ml-konsept-3-900x1125.jpg 900w, https:\/\/sevilma.com\/wp-content\/uploads\/erkence-presidium-500ml-konsept-3.jpg 1200w\" sizes=\"auto, (max-width: 600px) 100vw, 600px\" title=\"\"><h2 class=\"woocommerce-loop-product__title\">\u0130zmir Erkence Presidium<\/h2>\n\t<span class=\"price\"><span class=\"woocommerce-Price-amount amount\" aria-hidden=\"true\"><bdi><span class=\"woocommerce-Price-currencySymbol\">&#8378;<\/span>300,00<\/bdi><\/span> <span aria-hidden=\"true\">&ndash;<\/span> <span class=\"woocommerce-Price-amount amount\" aria-hidden=\"true\"><bdi><span class=\"woocommerce-Price-currencySymbol\">&#8378;<\/span>4.350,00<\/bdi><\/span><span class=\"screen-reader-text\" data-no-translation=\"\" data-trp-gettext=\"\">Price range: &#8378;300,00 through &#8378;4.350,00<\/span> <small class=\"woocommerce-price-suffix\">VAT included<\/small><\/span>\n<\/a><a href=\"https:\/\/sevilma.com\/en\/product\/izmir-erkence-presidium-naturel-sizma-zeytinyagi\/\" aria-describedby=\"woocommerce_loop_add_to_cart_link_describedby_2753\" data-quantity=\"1\" class=\"button product_type_variable add_to_cart_button\" data-product_id=\"2753\" data-product_sku=\"\" aria-label=\"Select options for \u201c\u0130zmir Erkence Presidium\u201d\" rel=\"nofollow\" data-no-translation=\"\" data-trp-gettext=\"\" data-no-translation-aria-label=\"\">Select options<\/a>\t<span id=\"woocommerce_loop_add_to_cart_link_describedby_2753\" class=\"screen-reader-text\">\n\t\tThis product has multiple variants. The options may be chosen on the product page\t<\/span>\n<\/li>\n<li class=\"desktop-align-center tablet-align-center mobile-align-center ast-product-gallery-layout-horizontal-slider ast-magnify-disabled ast-product-single-variable ast-product-tabs-layout-horizontal product type-product post-2771 status-publish outofstock product_cat-naturel-sizma has-post-thumbnail taxable shipping-taxable purchasable product-type-variable\">\n\t<a href=\"https:\/\/sevilma.com\/en\/product\/izmir-teos-presidium-naturel-sizma-zeytinyagi-erken-hasat\/\" class=\"woocommerce-LoopProduct-link woocommerce-loop-product__link\"><img loading=\"lazy\" decoding=\"async\" width=\"600\" height=\"750\" src=\"https:\/\/sevilma.com\/wp-content\/uploads\/teos-250ml-konsept-600x750.jpg\" class=\"attachment-woocommerce_thumbnail size-woocommerce_thumbnail\" alt=\"\u0130zmir Teos Presidium\" srcset=\"https:\/\/sevilma.com\/wp-content\/uploads\/teos-250ml-konsept-600x750.jpg 600w, https:\/\/sevilma.com\/wp-content\/uploads\/teos-250ml-konsept-240x300.jpg 240w, https:\/\/sevilma.com\/wp-content\/uploads\/teos-250ml-konsept-819x1024.jpg 819w, https:\/\/sevilma.com\/wp-content\/uploads\/teos-250ml-konsept-768x960.jpg 768w, https:\/\/sevilma.com\/wp-content\/uploads\/teos-250ml-konsept-10x12.jpg 10w, https:\/\/sevilma.com\/wp-content\/uploads\/teos-250ml-konsept-900x1125.jpg 900w, https:\/\/sevilma.com\/wp-content\/uploads\/teos-250ml-konsept.jpg 1200w\" sizes=\"auto, (max-width: 600px) 100vw, 600px\" title=\"\"><h2 class=\"woocommerce-loop-product__title\">\u0130zmir Teos Presidium<\/h2>\n\t<span class=\"price\"><span class=\"woocommerce-Price-amount amount\"><bdi><span class=\"woocommerce-Price-currencySymbol\">&#8378;<\/span>550,00<\/bdi><\/span> <small class=\"woocommerce-price-suffix\">VAT included<\/small><\/span>\n<\/a><a href=\"https:\/\/sevilma.com\/en\/product\/izmir-teos-presidium-naturel-sizma-zeytinyagi-erken-hasat\/\" aria-describedby=\"woocommerce_loop_add_to_cart_link_describedby_2771\" data-quantity=\"1\" class=\"button product_type_variable\" data-product_id=\"2771\" data-product_sku=\"\" aria-label=\"Select options for \u201c\u0130zmir Teos Presidium\u201d\" rel=\"nofollow\" data-no-translation=\"\" data-trp-gettext=\"\" data-no-translation-aria-label=\"\">Select options<\/a>\t<span id=\"woocommerce_loop_add_to_cart_link_describedby_2771\" class=\"screen-reader-text\">\n\t\tThis product has multiple variants. The options may be chosen on the product page\t<\/span>\n<\/li>\n<li class=\"desktop-align-center tablet-align-center mobile-align-center ast-product-gallery-layout-horizontal-slider ast-magnify-disabled ast-product-single-variable ast-product-tabs-layout-horizontal product type-product post-2729 status-publish last instock product_cat-erken-hasat-naturel-sizma has-post-thumbnail taxable shipping-taxable purchasable product-type-variable\">\n\t<a href=\"https:\/\/sevilma.com\/en\/product\/izmir-kizildag-naturel-sizma-zeytinyagi-erken-hasat\/\" class=\"woocommerce-LoopProduct-link woocommerce-loop-product__link\"><img loading=\"lazy\" decoding=\"async\" width=\"600\" height=\"750\" src=\"https:\/\/sevilma.com\/wp-content\/uploads\/kizildag-500ml-konsept.jpg-600x750.jpeg\" class=\"attachment-woocommerce_thumbnail size-woocommerce_thumbnail\" alt=\"\u0130zmir K\u0131z\u0131lda\u011f Erken Hasat Nat\u00fcrel S\u0131zma\" srcset=\"https:\/\/sevilma.com\/wp-content\/uploads\/kizildag-500ml-konsept.jpg-600x750.jpeg 600w, https:\/\/sevilma.com\/wp-content\/uploads\/kizildag-500ml-konsept.jpg-240x300.jpeg 240w, https:\/\/sevilma.com\/wp-content\/uploads\/kizildag-500ml-konsept.jpg-819x1024.jpeg 819w, https:\/\/sevilma.com\/wp-content\/uploads\/kizildag-500ml-konsept.jpg-768x960.jpeg 768w, https:\/\/sevilma.com\/wp-content\/uploads\/kizildag-500ml-konsept.jpg-10x12.jpeg 10w, https:\/\/sevilma.com\/wp-content\/uploads\/kizildag-500ml-konsept.jpg-900x1125.jpeg 900w, https:\/\/sevilma.com\/wp-content\/uploads\/kizildag-500ml-konsept.jpg.jpeg 1200w\" sizes=\"auto, (max-width: 600px) 100vw, 600px\" title=\"\"><h2 class=\"woocommerce-loop-product__title\">\u0130zmir K\u0131z\u0131lda\u011f Erken Hasat Nat\u00fcrel S\u0131zma<\/h2>\n\t<span class=\"price\"><span class=\"woocommerce-Price-amount amount\" aria-hidden=\"true\"><bdi><span class=\"woocommerce-Price-currencySymbol\">&#8378;<\/span>250,00<\/bdi><\/span> <span aria-hidden=\"true\">&ndash;<\/span> <span class=\"woocommerce-Price-amount amount\" aria-hidden=\"true\"><bdi><span class=\"woocommerce-Price-currencySymbol\">&#8378;<\/span>3.800,00<\/bdi><\/span><span class=\"screen-reader-text\" data-no-translation=\"\" data-trp-gettext=\"\">Price range: &#8378;250,00 through &#8378;3.800,00<\/span> <small class=\"woocommerce-price-suffix\">VAT included<\/small><\/span>\n<\/a><a href=\"https:\/\/sevilma.com\/en\/product\/izmir-kizildag-naturel-sizma-zeytinyagi-erken-hasat\/\" aria-describedby=\"woocommerce_loop_add_to_cart_link_describedby_2729\" data-quantity=\"1\" class=\"button product_type_variable add_to_cart_button\" data-product_id=\"2729\" data-product_sku=\"\" aria-label=\"Select options for \u201c\u0130zmir K\u0131z\u0131lda\u011f Erken Hasat Nat\u00fcrel S\u0131zma\u201d\" rel=\"nofollow\" data-no-translation=\"\" data-trp-gettext=\"\" data-no-translation-aria-label=\"\">Select options<\/a>\t<span id=\"woocommerce_loop_add_to_cart_link_describedby_2729\" class=\"screen-reader-text\">\n\t\tThis product has multiple variants. The options may be chosen on the product page\t<\/span>\n<\/li>\n<li class=\"desktop-align-center tablet-align-center mobile-align-center ast-product-gallery-layout-horizontal-slider ast-magnify-disabled ast-product-single-variable ast-product-tabs-layout-horizontal product type-product post-2776 status-publish first outofstock product_cat-naturel-sizma has-post-thumbnail taxable shipping-taxable purchasable product-type-variable\">\n\t<a href=\"https:\/\/sevilma.com\/en\/product\/izmir-seferihisar-naturel-sizma-zeytinyagi\/\" class=\"woocommerce-LoopProduct-link woocommerce-loop-product__link\"><img loading=\"lazy\" decoding=\"async\" width=\"600\" height=\"750\" src=\"https:\/\/sevilma.com\/wp-content\/uploads\/izmir-seferihisar-teneke-konsept-600x750.jpg\" class=\"attachment-woocommerce_thumbnail size-woocommerce_thumbnail\" alt=\"\u0130zmir Seferihisar Nat\u00fcrel S\u0131zma\" srcset=\"https:\/\/sevilma.com\/wp-content\/uploads\/izmir-seferihisar-teneke-konsept-600x750.jpg 600w, https:\/\/sevilma.com\/wp-content\/uploads\/izmir-seferihisar-teneke-konsept-240x300.jpg 240w, https:\/\/sevilma.com\/wp-content\/uploads\/izmir-seferihisar-teneke-konsept-819x1024.jpg 819w, https:\/\/sevilma.com\/wp-content\/uploads\/izmir-seferihisar-teneke-konsept-768x960.jpg 768w, https:\/\/sevilma.com\/wp-content\/uploads\/izmir-seferihisar-teneke-konsept-10x12.jpg 10w, https:\/\/sevilma.com\/wp-content\/uploads\/izmir-seferihisar-teneke-konsept-900x1125.jpg 900w, https:\/\/sevilma.com\/wp-content\/uploads\/izmir-seferihisar-teneke-konsept.jpg 1200w\" sizes=\"auto, (max-width: 600px) 100vw, 600px\" title=\"\"><h2 class=\"woocommerce-loop-product__title\">\u0130zmir Seferihisar Nat\u00fcrel S\u0131zma<\/h2>\n\t<span class=\"price\"><span class=\"woocommerce-Price-amount amount\" aria-hidden=\"true\"><bdi><span class=\"woocommerce-Price-currencySymbol\">&#8378;<\/span>1.500,00<\/bdi><\/span> <span aria-hidden=\"true\">&ndash;<\/span> <span class=\"woocommerce-Price-amount amount\" aria-hidden=\"true\"><bdi><span class=\"woocommerce-Price-currencySymbol\">&#8378;<\/span>3.200,00<\/bdi><\/span><span class=\"screen-reader-text\" data-no-translation=\"\" data-trp-gettext=\"\">Price range: &#8378;1.500,00 through &#8378;3.200,00<\/span> <small class=\"woocommerce-price-suffix\">VAT included<\/small><\/span>\n<\/a><a href=\"https:\/\/sevilma.com\/en\/product\/izmir-seferihisar-naturel-sizma-zeytinyagi\/\" aria-describedby=\"woocommerce_loop_add_to_cart_link_describedby_2776\" data-quantity=\"1\" class=\"button product_type_variable\" data-product_id=\"2776\" data-product_sku=\"\" aria-label=\"Select options for \u201c\u0130zmir Seferihisar Nat\u00fcrel S\u0131zma\u201d\" rel=\"nofollow\" data-no-translation=\"\" data-trp-gettext=\"\" data-no-translation-aria-label=\"\">Select options<\/a>\t<span id=\"woocommerce_loop_add_to_cart_link_describedby_2776\" class=\"screen-reader-text\">\n\t\tThis product has multiple variants. The options may be chosen on the product page\t<\/span>\n<\/li>\n<li class=\"desktop-align-center tablet-align-center mobile-align-center ast-product-gallery-layout-horizontal-slider ast-magnify-disabled ast-product-single-variable ast-product-tabs-layout-horizontal product type-product post-241 status-publish outofstock product_cat-naturel-sizma has-post-thumbnail taxable shipping-taxable purchasable product-type-variable\">\n\t<a href=\"https:\/\/sevilma.com\/en\/product\/aydin-memecik-zeytinyagi\/\" class=\"woocommerce-LoopProduct-link woocommerce-loop-product__link\"><img loading=\"lazy\" decoding=\"async\" width=\"600\" height=\"750\" src=\"https:\/\/sevilma.com\/wp-content\/uploads\/aydin-memecik-500ml-konsept-2-600x750.jpg\" class=\"attachment-woocommerce_thumbnail size-woocommerce_thumbnail\" alt=\"Ayd\u0131n Memecik Nat\u00fcrel S\u0131zma\" srcset=\"https:\/\/sevilma.com\/wp-content\/uploads\/aydin-memecik-500ml-konsept-2-600x750.jpg 600w, https:\/\/sevilma.com\/wp-content\/uploads\/aydin-memecik-500ml-konsept-2-240x300.jpg 240w, https:\/\/sevilma.com\/wp-content\/uploads\/aydin-memecik-500ml-konsept-2-819x1024.jpg 819w, https:\/\/sevilma.com\/wp-content\/uploads\/aydin-memecik-500ml-konsept-2-768x960.jpg 768w, https:\/\/sevilma.com\/wp-content\/uploads\/aydin-memecik-500ml-konsept-2-10x12.jpg 10w, https:\/\/sevilma.com\/wp-content\/uploads\/aydin-memecik-500ml-konsept-2-900x1125.jpg 900w, https:\/\/sevilma.com\/wp-content\/uploads\/aydin-memecik-500ml-konsept-2.jpg 1200w\" sizes=\"auto, (max-width: 600px) 100vw, 600px\" title=\"\"><h2 class=\"woocommerce-loop-product__title\">Ayd\u0131n Memecik Nat\u00fcrel S\u0131zma<\/h2>\n\t<span class=\"price\"><span class=\"woocommerce-Price-amount amount\" aria-hidden=\"true\"><bdi><span class=\"woocommerce-Price-currencySymbol\">&#8378;<\/span>200,00<\/bdi><\/span> <span aria-hidden=\"true\">&ndash;<\/span> <span class=\"woocommerce-Price-amount amount\" aria-hidden=\"true\"><bdi><span class=\"woocommerce-Price-currencySymbol\">&#8378;<\/span>3.500,00<\/bdi><\/span><span class=\"screen-reader-text\" data-no-translation=\"\" data-trp-gettext=\"\">Price range: &#8378;200,00 through &#8378;3.500,00<\/span> <small class=\"woocommerce-price-suffix\">VAT included<\/small><\/span>\n<\/a><a href=\"https:\/\/sevilma.com\/en\/product\/aydin-memecik-zeytinyagi\/\" aria-describedby=\"woocommerce_loop_add_to_cart_link_describedby_241\" data-quantity=\"1\" class=\"button product_type_variable\" data-product_id=\"241\" data-product_sku=\"\" aria-label=\"Select options for \u201cAyd\u0131n Memecik Nat\u00fcrel S\u0131zma\u201d\" rel=\"nofollow\" data-no-translation=\"\" data-trp-gettext=\"\" data-no-translation-aria-label=\"\">Select options<\/a>\t<span id=\"woocommerce_loop_add_to_cart_link_describedby_241\" class=\"screen-reader-text\">\n\t\tThis product has multiple variants. The options may be chosen on the product page\t<\/span>\n<\/li>\n<li class=\"desktop-align-center tablet-align-center mobile-align-center ast-product-gallery-layout-horizontal-slider ast-magnify-disabled ast-product-tabs-layout-horizontal product type-product post-3208 status-publish last instock product_cat-bahceden has-post-thumbnail taxable shipping-taxable purchasable product-type-simple\">\n\t<a href=\"https:\/\/sevilma.com\/en\/product\/mese-kuluyle-zeytinyagi-sabunu\/\" class=\"woocommerce-LoopProduct-link woocommerce-loop-product__link\"><img loading=\"lazy\" decoding=\"async\" width=\"600\" height=\"750\" src=\"https:\/\/sevilma.com\/wp-content\/uploads\/mesekulusabunu-1-600x750.jpg\" class=\"attachment-woocommerce_thumbnail size-woocommerce_thumbnail\" alt=\"Me\u015fe K\u00fcl\u00fcyle Zeytinya\u011f\u0131 Sabunu\" srcset=\"https:\/\/sevilma.com\/wp-content\/uploads\/mesekulusabunu-1-600x750.jpg 600w, https:\/\/sevilma.com\/wp-content\/uploads\/mesekulusabunu-1-240x300.jpg 240w, https:\/\/sevilma.com\/wp-content\/uploads\/mesekulusabunu-1-819x1024.jpg 819w, https:\/\/sevilma.com\/wp-content\/uploads\/mesekulusabunu-1-768x960.jpg 768w, https:\/\/sevilma.com\/wp-content\/uploads\/mesekulusabunu-1-10x12.jpg 10w, https:\/\/sevilma.com\/wp-content\/uploads\/mesekulusabunu-1-900x1125.jpg 900w, https:\/\/sevilma.com\/wp-content\/uploads\/mesekulusabunu-1.jpg 1200w\" sizes=\"auto, (max-width: 600px) 100vw, 600px\" title=\"\"><h2 class=\"woocommerce-loop-product__title\">Olive Oil Soap with Oak Ash<\/h2>\n\t<span class=\"price\"><span class=\"woocommerce-Price-amount amount\"><bdi><span class=\"woocommerce-Price-currencySymbol\">&#8378;<\/span>110,00<\/bdi><\/span> <small class=\"woocommerce-price-suffix\">VAT included<\/small><\/span>\n<\/a><a href=\"\/en\/wp-json\/wp\/v2\/pages\/1008?add-to-cart=3208\" aria-describedby=\"woocommerce_loop_add_to_cart_link_describedby_3208\" data-quantity=\"1\" class=\"button product_type_simple add_to_cart_button ajax_add_to_cart\" data-product_id=\"3208\" data-product_sku=\"\" aria-label=\"Add to basket: \u201cMe\u015fe K\u00fcl\u00fcyle Zeytinya\u011f\u0131 Sabunu\u201d\" rel=\"nofollow\" data-success_message=\"\u201cMe\u015fe K\u00fcl\u00fcyle Zeytinya\u011f\u0131 Sabunu\u201d has been added to your cart\" role=\"button\" data-no-translation=\"\" data-trp-gettext=\"\" data-no-translation-aria-label=\"\" data-no-translation-data-success_message=\"\">Add to basket<\/a>\t<span id=\"woocommerce_loop_add_to_cart_link_describedby_3208\" class=\"screen-reader-text\">\n\t\t\t<\/span>\n<\/li>\n<\/ul>\n<\/div>\n<\/div>\n<\/div><\/div>\n\n\n\n<div class=\"wp-block-uagb-container uagb-layout-flex uagb-block-c262a463 alignfull uagb-is-root-container\">\n<div class=\"wp-block-uagb-container uagb-block-f3cac3fc\"><\/div>\n\n\n\n<div class=\"wp-block-uagb-container uagb-block-4c8416e7\"><\/div>\n<\/div>\n\n\n\n<div class=\"wp-block-uagb-container uagb-block-c3a5fc92 alignfull uagb-is-root-container\"><div class=\"uagb-container-inner-blocks-wrap\">\n<div class=\"wp-block-uagb-container uagb-block-86820f26\">\n<div class=\"wp-block-uagb-advanced-heading uagb-block-391e6383\"><h6 class=\"uagb-heading-text\"><strong>Blog<\/strong><\/h6><\/div>\n<\/div>\n\n\n\n<div class=\"wp-block-uagb-container uagb-block-2e0822fb\"><ul class=\"wp-block-latest-posts__list has-dates wp-block-latest-posts\"><li><a class=\"wp-block-latest-posts__post-title\" href=\"https:\/\/sevilma.com\/en\/agroekolojik-ciftlik-tasarimi-atolyesi\/\">Agroekolojik \u00c7iftlik Tasar\u0131m\u0131 At\u00f6lyesi<\/a><time datetime=\"2026-03-10T14:25:25+00:00\" class=\"wp-block-latest-posts__post-date\">10 March 2026<\/time><div class=\"wp-block-latest-posts__post-excerpt\">4 Nisan Cumartesi g\u00fcn\u00fc Seferihisar\u2019daki T\u00fcrkiye\u2019nin ilk Slow Food \u00c7iftli\u011fi Sevilma Bah\u00e7esi\u2019nde bulu\u015fuyoruz. G\u00fcn boyunca agroekolojiyi, do\u011fayla uyumlu \u00fcretim anlay\u0131\u015f\u0131n\u0131 ve bir \u00e7iftli\u011fi do\u011fay\u0131 okuyarak nas\u0131l tasarlayabilece\u011fimizi birlikte ke\u015ffedece\u011fiz. Bu at\u00f6lyede tar\u0131m\u0131 do\u011faya kar\u015f\u0131 de\u011fil, do\u011fayla uyum i\u00e7inde kurulan bir ya\u015fam bi\u00e7imi olarak ele\u2026 <a class=\"wp-block-latest-posts__read-more\" href=\"https:\/\/sevilma.com\/en\/agroekolojik-ciftlik-tasarimi-atolyesi\/\" rel=\"noopener noreferrer\">Read more<span class=\"screen-reader-text\">: Agroekolojik \u00c7iftlik Tasar\u0131m\u0131 At\u00f6lyesi<\/span><\/a><\/div><\/li>\n<\/ul><\/div>\n<\/div><\/div>\n\n\n\n<div class=\"wp-block-uagb-container uagb-block-3117fd88 alignfull uagb-is-root-container\"><div class=\"uagb-container-inner-blocks-wrap\">\n<div class=\"wp-block-uagb-container uagb-block-385e7a59\">\n<div class=\"wp-block-uagb-advanced-heading uagb-block-7f05e90d\"><h6 class=\"uagb-heading-text\"><strong>Our Story<\/strong><\/h6><\/div>\n<\/div>\n\n\n\n<div class=\"wp-block-uagb-container uagb-block-59d38a68\">\n<h3 class=\"wp-block-heading\">Ercan Baba Farm<\/h3>\n\n\n\n<p>We are members of At\u0131f Eken Farm in Gallipoli, \u00c7anakkale, which has been producing bread and durum wheat for 250 years. We established Ercan Baba Farm and olive oil factory in Seferihisar by combining our farming experience of more than two centuries with the olive culture of the Aegean region. Our aim is to carry the fertility civilisation of Anatolia to future generations.<\/p>\n\n\n\n<div class=\"wp-block-uagb-buttons uagb-buttons__outer-wrap uagb-btn__small-btn uagb-btn-tablet__small-btn uagb-btn-mobile__small-btn uagb-block-a85a8be2\"><div class=\"uagb-buttons__wrap uagb-buttons-layout-wrap\">\n<div class=\"wp-block-uagb-buttons-child uagb-buttons__outer-wrap uagb-block-f67903d8 wp-block-button\"><div class=\"uagb-button__wrapper\"><a class=\"uagb-buttons-repeater wp-block-button__link\" aria-label=\"\" href=\"\/en\/ercan-baba-citfligi\/\" rel=\"follow noopener\" target=\"_self\" role=\"button\"><div class=\"uagb-button__link\">Read more<\/div><\/a><\/div><\/div>\n<\/div><\/div>\n<\/div>\n<\/div><\/div>\n\n\n\n<div class=\"wp-block-uagb-container uagb-block-07bf1ffe alignfull uagb-is-root-container\">\n<div class=\"wp-block-uagb-container uagb-block-52db8dee\">\n<div class=\"wp-block-uagb-image uagb-block-21b937ea wp-block-uagb-image--layout-default wp-block-uagb-image--effect-static wp-block-uagb-image--align-none\"><figure class=\"wp-block-uagb-image__figure\"><img decoding=\"async\" src=\"https:\/\/sevilma.com\/wp-content\/uploads\/3.jpg\" alt=\"\" class=\"uag-image-2297\" width=\"2079\" height=\"2253\" title=\"3\" loading=\"lazy\" role=\"img\"><\/figure><\/div>\n<\/div>\n<\/div>\n\n\n\n<div class=\"wp-block-uagb-container uag-hide-desktop uag-hide-tab uag-hide-mob uagb-block-7612e5cb alignfull uagb-is-root-container\"><div class=\"uagb-container-inner-blocks-wrap\">\n<div class=\"wp-block-uagb-container uagb-block-44163a13\">\n<div class=\"wp-block-uagb-advanced-heading uagb-block-8182e0ca\"><h6 class=\"uagb-heading-text\"><strong><strong>Our Principles<\/strong><\/strong><\/h6><\/div>\n<\/div>\n\n\n\n<div class=\"wp-block-uagb-container uagb-block-40ddc807\">\n<h3 class=\"wp-block-heading has-text-align-left\">Slow Olive Oil<\/h3>\n\n\n\n<p>Slow Olive Oil is a concept that defines delicious and high quality olive oils that protect human health and nature at the same time. Although this concept sounds like a newly produced definition, in fact, its roots go back centuries.&nbsp;<\/p>\n\n\n\n<div class=\"wp-block-uagb-buttons uagb-buttons__outer-wrap uagb-btn__small-btn uagb-btn-tablet__small-btn uagb-btn-mobile__small-btn uagb-block-072ba1c5\"><div class=\"uagb-buttons__wrap uagb-buttons-layout-wrap\">\n<div class=\"wp-block-uagb-buttons-child uagb-buttons__outer-wrap uagb-block-f1d77ad2 wp-block-button\"><div class=\"uagb-button__wrapper\"><a class=\"uagb-buttons-repeater wp-block-button__link\" aria-label=\"\" href=\"\/en\/hakkimizda\/#yz\" rel=\"follow noopener\" target=\"_self\" role=\"button\"><div class=\"uagb-button__link\">Read more<\/div><\/a><\/div><\/div>\n<\/div><\/div>\n<\/div>\n<\/div><\/div>\n\n\n\n<div class=\"wp-block-uagb-container uagb-block-b4108b9b alignfull uagb-is-root-container\"><div class=\"uagb-container-inner-blocks-wrap\">\n<div class=\"wp-block-uagb-container uagb-block-cc371edb\">\n<div class=\"wp-block-uagb-advanced-heading uagb-block-896bdc46\"><h6 class=\"uagb-heading-text\"><strong>uluslararas\u0131 i\u015fbirlikleriM\u0130Z<\/strong><\/h6><\/div>\n<\/div>\n\n\n\n<div class=\"wp-block-uagb-container uagb-block-68d099a9\">\n<div class=\"wp-block-uagb-container uagb-block-04e0941c\">\n<div class=\"wp-block-uagb-container uagb-block-03004b82\">\n<figure class=\"wp-block-image size-large\"><img loading=\"lazy\" decoding=\"async\" width=\"1024\" height=\"721\" src=\"https:\/\/sevilma.com\/wp-content\/uploads\/agroecology_coalition-1024x721.png\" alt=\"\" class=\"wp-image-3012\" title=\"\" srcset=\"https:\/\/sevilma.com\/wp-content\/uploads\/agroecology_coalition-1024x721.png 1024w, https:\/\/sevilma.com\/wp-content\/uploads\/agroecology_coalition-900x634.png 900w, https:\/\/sevilma.com\/wp-content\/uploads\/agroecology_coalition-300x211.png 300w, https:\/\/sevilma.com\/wp-content\/uploads\/agroecology_coalition-768x541.png 768w, https:\/\/sevilma.com\/wp-content\/uploads\/agroecology_coalition-18x12.png 18w, https:\/\/sevilma.com\/wp-content\/uploads\/agroecology_coalition.png 1244w\" sizes=\"auto, (max-width: 1024px) 100vw, 1024px\" \/><\/figure>\n<\/div>\n\n\n\n<div class=\"wp-block-uagb-container uagb-block-336d7fbf\">\n<figure class=\"wp-block-image size-large\"><img loading=\"lazy\" decoding=\"async\" width=\"1024\" height=\"660\" src=\"https:\/\/sevilma.com\/wp-content\/uploads\/Slow_Food_Presidium-1024x660.png\" alt=\"\" class=\"wp-image-3014\" title=\"\" srcset=\"https:\/\/sevilma.com\/wp-content\/uploads\/Slow_Food_Presidium-1024x660.png 1024w, https:\/\/sevilma.com\/wp-content\/uploads\/Slow_Food_Presidium-900x580.png 900w, https:\/\/sevilma.com\/wp-content\/uploads\/Slow_Food_Presidium-300x193.png 300w, https:\/\/sevilma.com\/wp-content\/uploads\/Slow_Food_Presidium-768x495.png 768w, https:\/\/sevilma.com\/wp-content\/uploads\/Slow_Food_Presidium-18x12.png 18w, https:\/\/sevilma.com\/wp-content\/uploads\/Slow_Food_Presidium.png 1359w\" sizes=\"auto, (max-width: 1024px) 100vw, 1024px\" \/><\/figure>\n<\/div>\n\n\n\n<div class=\"wp-block-uagb-container uagb-block-887d7bfd\">\n<figure class=\"wp-block-image size-large\"><img loading=\"lazy\" decoding=\"async\" width=\"1024\" height=\"660\" src=\"https:\/\/sevilma.com\/wp-content\/uploads\/Agroecology_Europe-1024x660.png\" alt=\"\" class=\"wp-image-3013\" title=\"\" srcset=\"https:\/\/sevilma.com\/wp-content\/uploads\/Agroecology_Europe-1024x660.png 1024w, https:\/\/sevilma.com\/wp-content\/uploads\/Agroecology_Europe-900x580.png 900w, https:\/\/sevilma.com\/wp-content\/uploads\/Agroecology_Europe-300x193.png 300w, https:\/\/sevilma.com\/wp-content\/uploads\/Agroecology_Europe-768x495.png 768w, https:\/\/sevilma.com\/wp-content\/uploads\/Agroecology_Europe-18x12.png 18w, https:\/\/sevilma.com\/wp-content\/uploads\/Agroecology_Europe.png 1359w\" sizes=\"auto, (max-width: 1024px) 100vw, 1024px\" \/><\/figure>\n<\/div>\n<\/div>\n<\/div>\n<\/div><\/div>","protected":false},"excerpt":{"rendered":"<p>Do\u011fadan sofraya sa\u011fl\u0131kl\u0131 lezzetler Blog Hikayemiz Ercan Baba \u00c7iftli\u011fi \u00c7anakkale Gelibolu\u2019da 250 y\u0131ld\u0131r ekmeklik ve makarnal\u0131k bu\u011fday \u00fcreten At\u0131f Eken \u00c7iftli\u011fi\u2019nin \u00fcyeleriyiz. \u0130ki asr\u0131 a\u015fk\u0131n \u00e7ift\u00e7ilik tecr\u00fcbemizi, Ege\u2019nin zeytin k\u00fclt\u00fcr\u00fcyle bulu\u015fturarak Seferihisar\u2019da Ercan Baba \u00c7iftli\u011fi\u2019ni ve zeytinya\u011f\u0131 fabrikas\u0131n\u0131 kurduk. Amac\u0131m\u0131z, Anadolu\u2019nun bereket uygarl\u0131\u011f\u0131n\u0131 gelecek nesillere ta\u015f\u0131mak. ilkelerimiz Yava\u015f Zeytinya\u011f\u0131 Yava\u015f Zeytinya\u011f\u0131, insan sa\u011fl\u0131\u011f\u0131n\u0131 ve do\u011fay\u0131 [&hellip;]<\/p>\n","protected":false},"author":1,"featured_media":2120,"parent":0,"menu_order":0,"comment_status":"closed","ping_status":"closed","template":"","meta":{"_uag_custom_page_level_css":"","site-sidebar-layout":"no-sidebar","site-content-layout":"plain-container","ast-site-content-layout":"normal-width-container","site-content-style":"unboxed","site-sidebar-style":"unboxed","ast-global-header-display":"","ast-banner-title-visibility":"","ast-main-header-display":"","ast-hfb-above-header-display":"","ast-hfb-below-header-display":"","ast-hfb-mobile-header-display":"","site-post-title":"disabled","ast-breadcrumbs-content":"","ast-featured-img":"disabled","footer-sml-layout":"","ast-disable-related-posts":"","theme-transparent-header-meta":"enabled","adv-header-id-meta":"","stick-header-meta":"","header-above-stick-meta":"","header-main-stick-meta":"","header-below-stick-meta":"","astra-migrate-meta-layouts":"set","ast-page-background-enabled":"default","ast-page-background-meta":{"desktop":{"background-color":"var(--ast-global-color-4)","background-image":"","background-repeat":"repeat","background-position":"center center","background-size":"auto","background-attachment":"scroll","background-type":"","background-media":"","overlay-type":"","overlay-color":"","overlay-opacity":"","overlay-gradient":""},"tablet":{"background-color":"","background-image":"","background-repeat":"repeat","background-position":"center center","background-size":"auto","background-attachment":"scroll","background-type":"","background-media":"","overlay-type":"","overlay-color":"","overlay-opacity":"","overlay-gradient":""},"mobile":{"background-color":"","background-image":"","background-repeat":"repeat","background-position":"center center","background-size":"auto","background-attachment":"scroll","background-type":"","background-media":"","overlay-type":"","overlay-color":"","overlay-opacity":"","overlay-gradient":""}},"ast-content-background-meta":{"desktop":{"background-color":"var(--ast-global-color-5)","background-image":"","background-repeat":"repeat","background-position":"center center","background-size":"auto","background-attachment":"scroll","background-type":"","background-media":"","overlay-type":"","overlay-color":"","overlay-opacity":"","overlay-gradient":""},"tablet":{"background-color":"var(--ast-global-color-5)","background-image":"","background-repeat":"repeat","background-position":"center center","background-size":"auto","background-attachment":"scroll","background-type":"","background-media":"","overlay-type":"","overlay-color":"","overlay-opacity":"","overlay-gradient":""},"mobile":{"background-color":"var(--ast-global-color-5)","background-image":"","background-repeat":"repeat","background-position":"center center","background-size":"auto","background-attachment":"scroll","background-type":"","background-media":"","overlay-type":"","overlay-color":"","overlay-opacity":"","overlay-gradient":""}},"footnotes":""},"class_list":["post-1008","page","type-page","status-publish","has-post-thumbnail","hentry"],"uagb_featured_image_src":{"full":["https:\/\/sevilma.com\/wp-content\/uploads\/s_yz4.jpg",2200,1469,false],"thumbnail":["https:\/\/sevilma.com\/wp-content\/uploads\/s_yz4-150x150.jpg",150,150,true],"medium":["https:\/\/sevilma.com\/wp-content\/uploads\/s_yz4-300x200.jpg",300,200,true],"medium_large":["https:\/\/sevilma.com\/wp-content\/uploads\/s_yz4-768x513.jpg",768,513,true],"large":["https:\/\/sevilma.com\/wp-content\/uploads\/s_yz4-1024x684.jpg",1024,684,true],"1536x1536":["https:\/\/sevilma.com\/wp-content\/uploads\/s_yz4-1536x1026.jpg",1536,1026,true],"2048x2048":["https:\/\/sevilma.com\/wp-content\/uploads\/s_yz4-2048x1368.jpg",2048,1368,true],"trp-custom-language-flag":["https:\/\/sevilma.com\/wp-content\/uploads\/s_yz4.jpg",18,12,false],"woocommerce_thumbnail":["https:\/\/sevilma.com\/wp-content\/uploads\/s_yz4-600x750.jpg",600,750,true],"woocommerce_single":["https:\/\/sevilma.com\/wp-content\/uploads\/s_yz4-900x601.jpg",900,601,true],"woocommerce_gallery_thumbnail":["https:\/\/sevilma.com\/wp-content\/uploads\/s_yz4-100x100.jpg",100,100,true]},"uagb_author_info":{"display_name":"erdem","author_link":"https:\/\/sevilma.com\/en\/author\/erdem\/"},"uagb_comment_info":0,"uagb_excerpt":"Do\u011fadan sofraya sa\u011fl\u0131kl\u0131 lezzetler Blog Hikayemiz Ercan Baba \u00c7iftli\u011fi \u00c7anakkale Gelibolu\u2019da 250 y\u0131ld\u0131r ekmeklik ve makarnal\u0131k bu\u011fday \u00fcreten At\u0131f Eken \u00c7iftli\u011fi\u2019nin \u00fcyeleriyiz. \u0130ki asr\u0131 a\u015fk\u0131n \u00e7ift\u00e7ilik tecr\u00fcbemizi, Ege\u2019nin zeytin k\u00fclt\u00fcr\u00fcyle bulu\u015fturarak Seferihisar\u2019da Ercan Baba \u00c7iftli\u011fi\u2019ni ve zeytinya\u011f\u0131 fabrikas\u0131n\u0131 kurduk. Amac\u0131m\u0131z, Anadolu\u2019nun bereket uygarl\u0131\u011f\u0131n\u0131 gelecek nesillere ta\u015f\u0131mak. ilkelerimiz Yava\u015f Zeytinya\u011f\u0131 Yava\u015f Zeytinya\u011f\u0131, insan sa\u011fl\u0131\u011f\u0131n\u0131 ve do\u011fay\u0131&hellip;","_links":{"self":[{"href":"https:\/\/sevilma.com\/en\/wp-json\/wp\/v2\/pages\/1008","targetHints":{"allow":["GET"]}}],"collection":[{"href":"https:\/\/sevilma.com\/en\/wp-json\/wp\/v2\/pages"}],"about":[{"href":"https:\/\/sevilma.com\/en\/wp-json\/wp\/v2\/types\/page"}],"author":[{"embeddable":true,"href":"https:\/\/sevilma.com\/en\/wp-json\/wp\/v2\/users\/1"}],"replies":[{"embeddable":true,"href":"https:\/\/sevilma.com\/en\/wp-json\/wp\/v2\/comments?post=1008"}],"version-history":[{"count":32,"href":"https:\/\/sevilma.com\/en\/wp-json\/wp\/v2\/pages\/1008\/revisions"}],"predecessor-version":[{"id":3653,"href":"https:\/\/sevilma.com\/en\/wp-json\/wp\/v2\/pages\/1008\/revisions\/3653"}],"wp:featuredmedia":[{"embeddable":true,"href":"https:\/\/sevilma.com\/en\/wp-json\/wp\/v2\/media\/2120"}],"wp:attachment":[{"href":"https:\/\/sevilma.com\/en\/wp-json\/wp\/v2\/media?parent=1008"}],"curies":[{"name":"wp","href":"https:\/\/api.w.org\/{rel}","templated":true}]}}