{"id":1927,"date":"2024-05-10T17:00:18","date_gmt":"2024-05-10T17:00:18","guid":{"rendered":"https:\/\/sevilma.com\/?page_id=1927"},"modified":"2025-05-24T18:40:26","modified_gmt":"2025-05-24T18:40:26","slug":"ercan-baba-citfligi","status":"publish","type":"page","link":"https:\/\/sevilma.com\/en\/ercan-baba-citfligi\/","title":{"rendered":"Ercan Baba Farm"},"content":{"rendered":"<div class=\"wp-block-uagb-container uagb-block-0853bbbc alignfull uagb-is-root-container\"><div class=\"uagb-container-inner-blocks-wrap\">\n<div class=\"wp-block-uagb-container uagb-block-048907fa\">\n<div class=\"wp-block-uagb-advanced-heading uagb-block-fccb81b8\"><h1 class=\"uagb-heading-text\">Ercan Baba \u00c7itfli\u011fi<\/h1><\/div>\n<\/div>\n<\/div><\/div>\n\n\n\n<div id=\"hikayemiz\" class=\"wp-block-uagb-container uagb-block-7804f5ac alignfull uagb-is-root-container\"><div class=\"uagb-container-inner-blocks-wrap\">\n<div class=\"wp-block-uagb-container uagb-block-72685997\">\n<div class=\"wp-block-uagb-advanced-heading uagb-block-150a1bf1\"><h6 class=\"uagb-heading-text\"><strong>Our Story<\/strong><\/h6><\/div>\n<\/div>\n\n\n\n<div class=\"wp-block-uagb-container uagb-block-d3d17b50\">\n<h3 class=\"wp-block-heading\"><strong>Ercan Baba Farm<\/strong><\/h3>\n\n\n\n<h4 class=\"wp-block-heading\">\u00c7anakkale Gelibolu\u2019da 250 y\u0131ld\u0131r ekmeklik ve makarnal\u0131k bu\u011fday \u00fcreten At\u0131f Eken \u00c7iftli\u011fi\u2019nin \u00fcyeleriyiz. 2011\u2019de Seferihisar\u2019a yerle\u015ftik. Zaman i\u00e7inde Ege\u2019nin kadim zeytin k\u00fclt\u00fcr\u00fcn\u00fc ke\u015ffettik ve \u00f6\u011frenmeye ba\u015flad\u0131k. Zeytin a\u011fa\u00e7lar\u0131, bizim i\u00e7in bir a\u015fka d\u00f6n\u00fc\u015ft\u00fc. \u0130ki asr\u0131 a\u015fk\u0131n \u00e7ift\u00e7ilik tecr\u00fcbemizi, Ege\u2019nin zeytin k\u00fclt\u00fcr\u00fcyle bulu\u015fturmaya karar verdik.<\/h4>\n\n\n\n<p>Gelibolu\u2019da dedelerimizden kalan bir tarlay\u0131 satarak Ercan Baba \u00c7iftli\u011fi\u2019ni ve zeytinya\u011f\u0131 fabrikas\u0131n\u0131 kurduk. \u0130smine de bu imkanlar\u0131 bize miras b\u0131rakan babam\u0131z\u0131n ad\u0131n\u0131 verdik.&nbsp;<br><br>Amac\u0131m\u0131z, Anadolu\u2019nun bu \u00e7ok \u00f6zel bereket uygarl\u0131\u011f\u0131n\u0131 gelecek nesillere ta\u015f\u0131mak.<br><br>\u00c7iftli\u011fimizin kurulu\u015funda Seferihisar Orhanl\u0131 k\u00f6y\u00fcn\u00fcn zeytin k\u00fclt\u00fcr\u00fcyle yo\u011frulmu\u015f \u00e7al\u0131\u015fkan, d\u00fcr\u00fcst ve vefal\u0131 gen\u00e7leri \u00e7al\u0131\u015ft\u0131. \u0130\u015fletme sorumlulu\u011fu da yine onlara ait.<br><br>Guided by this spirit and values, we produce cold pressed and 100% pure \u201cslow olive oil\u201d in our olive oil factory at Ercan Baba Farm. Moreover, we are preparing to bring you many other products from nature to the table.<br><br>Fabrikam\u0131zda \u00fcretilen ya\u011f\u0131n ad\u0131 ise Sevilma. O da ismini biricik annemizden al\u0131yor.<br><br>Bereketi bol ve daim olsun. Kurda, ku\u015fa, a\u015fa\u2026<\/p>\n\n\n\n<p><strong>Ercan Baba \u00c7iftli\u011fi Zeytinya\u011f\u0131 Fabrikas\u0131<\/strong><\/p>\n\n\n\n<p>Ercan Baba \u00c7iftli\u011fi\u2019nde yer alan zeytinya\u011f\u0131 fabrikas\u0131 \u0130zmir\u2019in geleneksel ta\u015f \u00f6rme tekni\u011fiyle 2022 y\u0131l\u0131nda in\u015fa edildi. Fabrikam\u0131z\u0131n toplam alan\u0131 603 metrekare. Fabrika i\u00e7erisinde zeytin giri\u015f alan\u0131, \u00fcretim alan\u0131, mutfak, ambalaj deposu, mam\u00fcl deposu, \u015fi\u015feleme alan\u0131, son \u00fcr\u00fcn deposu, elektrik odas\u0131 ve laboratuvar bulunuyor. \u00dcretim alan\u0131nda son teknolojiyle donat\u0131lm\u0131\u015f kontin\u00fc sistem zeytin s\u0131kma makinesi yer al\u0131yor. Zeytin ormanlar\u0131 i\u00e7erisinde yer alan fabrikam\u0131z\u0131n mimarl\u0131\u011f\u0131n\u0131 Mehmet K\u00fct\u00fck\u00e7\u00fco\u011flu \u00fcstlendi.<br><br>Fabrikan\u0131n yap\u0131m\u0131na Tar\u0131m ve Orman Bakanl\u0131\u011f\u0131 k\u0131smi hibe deste\u011fi sa\u011flad\u0131.<\/p>\n<\/div>\n<\/div><\/div>\n\n\n\n<div class=\"wp-block-uagb-container uagb-layout-flex uagb-block-c262a463 alignfull uagb-is-root-container\">\n<div class=\"wp-block-uagb-container uagb-block-f3cac3fc\"><\/div>\n\n\n\n<div class=\"wp-block-uagb-container uagb-block-4c8416e7\"><\/div>\n<\/div>\n\n\n\n<div class=\"wp-block-uagb-container uagb-block-f081912e alignfull uagb-is-root-container\"><div class=\"uagb-container-inner-blocks-wrap\">\n<div class=\"wp-block-uagb-container uagb-block-5845b073\">\n<div class=\"wp-block-uagb-advanced-heading uagb-block-253abeb7\"><h6 class=\"uagb-heading-text\"><strong><strong>Teknik<\/strong><\/strong><\/h6><\/div>\n<\/div>\n\n\n\n<div class=\"wp-block-uagb-container uagb-block-9f25659d\">\n<h3 class=\"wp-block-heading\"><strong>Fabrikan\u0131n Teknik \u00d6zellikleri&nbsp;<\/strong><\/h3>\n\n\n\n<h4 class=\"wp-block-heading\">Zeytinya\u011f fabrikam\u0131z ekolojik (2 faz) \u00e7al\u0131\u015fma teknolojisine g\u00f6re tasarlanm\u0131\u015ft\u0131r. Tesisimizde zeytinya\u011f\u0131 \u00fcretimi i\u00e7in 40 ton\/g\u00fcn kapasiteli iki fazl\u0131 zeytin s\u0131kma sistemi bulunmaktad\u0131r. <\/h4>\n\n\n\n<p>Zeytinya\u011f\u0131 \u00fcretiminde kullan\u0131lan t\u00fcm malzemeler ve saklama ko\u015fullar\u0131 g\u0131daya uygundur ve en \u00fcst standartlara sahiptir. Sevilma Zeytinya\u011f\u0131, 30 ton kapasiteli depolama alan\u0131nda bulunan krom tanklarda, teknik \u00f6zelliklerine ve zeytinin cinsine g\u00f6re ayr\u0131\u015ft\u0131r\u0131larak \u00f6zenle dinlendirilmektedir.&nbsp;<br><br>Zeytinya\u011flar\u0131n\u0131n dolumu, yine fabrika i\u00e7erisinde yer alan dolum \u00fcnitesinde ger\u00e7ekle\u015ftirilmektedir. Dolum 0,25 ml ve 18 litre aral\u0131\u011f\u0131nda cam ve teneke ambalajlara yap\u0131lmaktad\u0131r.<\/p>\n\n\n\n<p><strong>Fabrikam\u0131z\u0131n i\u00e7erisinde yer alan ekipman ve makine bilgileri<\/strong><\/p>\n\n\n\n<ul class=\"wp-block-list\">\n<li>Zeytinya\u011f\u0131 \u00fcretim Makinesi (PMS470-PX40 40 Ton\/G\u00fcn Kapasiteli Kontin\u00fc Zeytin s\u0131kma Makinesi)<\/li>\n\n\n\n<li>Zeytin Y\u0131kama Makinesi<\/li>\n\n\n\n<li>Mod\u00fcler Malaks\u00f6r<\/li>\n\n\n\n<li>K\u0131r\u0131c\u0131<\/li>\n\n\n\n<li>Dekant\u00f6r<\/li>\n\n\n\n<li>Seperat\u00f6r<\/li>\n<\/ul>\n\n\n\n<p><strong>Zeytinya\u011f\u0131 Depolama Tanklar\u0131 ve \u015ei\u015feleme Ekipmanlar\u0131<\/strong><\/p>\n\n\n\n<ul class=\"wp-block-list\">\n<li>5000 litre zeytinya\u011f\u0131 stok tank\u0131 AISI 304 L 4 adet<\/li>\n\n\n\n<li>3000 litre zeytinya\u011f\u0131 stok tank\u0131 AISI 304 L&nbsp; 2 adet<\/li>\n\n\n\n<li>2000 litre zeytinya\u011f\u0131 stok tank\u0131 AISI 304 L 2 adet<\/li>\n\n\n\n<li>1000 litre zeytinya\u011f\u0131 stok tank\u0131 AISI 304 L 2 adet<\/li>\n\n\n\n<li>3 Ton\/SA Arabal\u0131 Ya\u011f Transfer Pompas\u0131<\/li>\n\n\n\n<li>500 kg Paslanmaz Kantar<\/li>\n\n\n\n<li>Dolum \u00dcnitesi<\/li>\n\n\n\n<li>2 Nozullu Yar\u0131 Otomatik Pet \u2013 \u015ei\u015fe &#8211; Teneke Dolum \u00dcnitesi<\/li>\n\n\n\n<li>Yar\u0131 Otomatik Kapak \u00c7akma \u00dcnitesi<\/li>\n\n\n\n<li>Yar\u0131m Otomatik Aliminyum Metal Kapak S\u0131vama \u00dcnitesi<\/li>\n\n\n\n<li>Manuel Kap\u015fon Is\u0131tma \u00dcnitesi<\/li>\n\n\n\n<li>Yar\u0131 Otomatik Etiketleme Makinesi<\/li>\n\n\n\n<li>\u0130nkjet Makinesi ve Konvey\u00f6r Band\u0131<\/li>\n<\/ul>\n<\/div>\n<\/div><\/div>\n\n\n\n<div class=\"wp-block-uagb-container uagb-block-570f73be alignfull uagb-is-root-container\">\n<div class=\"wp-block-uagb-container uagb-block-5af71605\">\t\t\t\t\t<div\n\t\t\t\t\t\tclass=\"wp-block-uagb-image-gallery uagb-block-ad8b1493\"\n\t\t\t\t\t\tstyle=\"\"\n\t\t\t\t\t>\n\t\t\t\t\t\t\t\t\t\t\t<div class=\"spectra-image-gallery spectra-image-gallery__layout--masonry spectra-image-gallery__layout--masonry-col-2 spectra-image-gallery__layout--masonry-col-tab-2 spectra-image-gallery__layout--masonry-col-mob-1\">\n\t\t\t\t\t\t\t\t\t\t\t<div class='spectra-image-gallery__media-wrapper--isotope'>\n\t\t\t\t\t\t\t<div class='spectra-image-gallery__media-wrapper' data-spectra-gallery-image-id='1696' tabindex=\"0\">\n\t\t\t\t\t\t\t<div class=\"spectra-image-gallery__media spectra-image-gallery__media--masonry\">\n\t\t\t\t<picture>\n\t\t\t\t\t<source media=\"(min-width: 1024px)\" srcset=\"https:\/\/sevilma.com\/wp-content\/uploads\/yikama_ayiklama2.jpg\">\n\t\t\t\t\t<source media=\"(min-width: 768px)\" srcset=\"https:\/\/sevilma.com\/wp-content\/uploads\/yikama_ayiklama2-1024x683.jpg\">\n\t\t\t\t\t<img decoding=\"async\" class=\"spectra-image-gallery__media-thumbnail spectra-image-gallery__media-thumbnail--masonry\" src=\"https:\/\/sevilma.com\/wp-content\/uploads\/yikama_ayiklama2-1024x683.jpg\" alt=\"\" loading=\"lazy\" title=\"\">\n\t\t\t\t<\/picture>\n\t\t\t\t<div class=\"spectra-image-gallery__media-thumbnail-blurrer\"><\/div>\n\t\t\t\t\t\t\t\t\t\t\t<div class=\"spectra-image-gallery__media-thumbnail-caption-wrapper spectra-image-gallery__media-thumbnail-caption-wrapper--overlay\"><\/div>\n\t\t\t\t\t\t\t\t<\/div>\n\t\t\t\t\t\t<\/div>\n\t\t\t\t\t\t<\/div>\n\t\t\t\t\t\t<div class='spectra-image-gallery__media-wrapper--isotope'>\n\t\t\t\t\t\t\t<div class='spectra-image-gallery__media-wrapper' data-spectra-gallery-image-id='1695' tabindex=\"0\">\n\t\t\t\t\t\t\t<div class=\"spectra-image-gallery__media spectra-image-gallery__media--masonry\">\n\t\t\t\t<picture>\n\t\t\t\t\t<source media=\"(min-width: 1024px)\" srcset=\"https:\/\/sevilma.com\/wp-content\/uploads\/yikama_ayiklama.jpg\">\n\t\t\t\t\t<source media=\"(min-width: 768px)\" srcset=\"https:\/\/sevilma.com\/wp-content\/uploads\/yikama_ayiklama-1024x683.jpg\">\n\t\t\t\t\t<img decoding=\"async\" class=\"spectra-image-gallery__media-thumbnail spectra-image-gallery__media-thumbnail--masonry\" src=\"https:\/\/sevilma.com\/wp-content\/uploads\/yikama_ayiklama-1024x683.jpg\" alt=\"\" loading=\"lazy\" title=\"\">\n\t\t\t\t<\/picture>\n\t\t\t\t<div class=\"spectra-image-gallery__media-thumbnail-blurrer\"><\/div>\n\t\t\t\t\t\t\t\t\t\t\t<div class=\"spectra-image-gallery__media-thumbnail-caption-wrapper spectra-image-gallery__media-thumbnail-caption-wrapper--overlay\"><\/div>\n\t\t\t\t\t\t\t\t<\/div>\n\t\t\t\t\t\t<\/div>\n\t\t\t\t\t\t<\/div>\n\t\t\t\t\t\t\t\t\t\t<\/div>\n\t\t\t\t\t\t\t\t\t\t\t\t\t\t\t\t\t\t<\/div>\n\t\t\t\t\t\t\t\t\t\t\t<div class='spectra-image-gallery__control-lightbox' tabindex='0'>\n\t\t\t\t\t\t\t\t\t\t\t<div class=\"swiper spectra-image-gallery__control-lightbox--main\" dir=\"\">\n\t\t\t\t\t<div class=\"swiper-wrapper\">\n\t\t\t\t\t\t\t\t\t\t\t\t\t\n\t\t\t\t\t\t\t<div class=\"swiper-slide\">\n\t\t\t\t\t\t\t\t<img class=\"swiper-lazy\" data-src=\"https:\/\/sevilma.com\/wp-content\/uploads\/yikama_ayiklama2.jpg\" alt=\"\"\/>\n\t\t\t\t\t\t\t\t<div class=\"swiper-lazy-preloader swiper-lazy-preloader-white\"><\/div>\n\t\t\t\t\t\t\t\t\t\t\t\t\t\t\t<\/div>\n\t\t\t\t\t\t\t\t\t\t\t\t\t\n\t\t\t\t\t\t\t<div class=\"swiper-slide\">\n\t\t\t\t\t\t\t\t<img class=\"swiper-lazy\" data-src=\"https:\/\/sevilma.com\/wp-content\/uploads\/yikama_ayiklama.jpg\" alt=\"\"\/>\n\t\t\t\t\t\t\t\t<div class=\"swiper-lazy-preloader swiper-lazy-preloader-white\"><\/div>\n\t\t\t\t\t\t\t\t\t\t\t\t\t\t\t<\/div>\n\t\t\t\t\t\t\t\t\t\t\t<\/div>\n\t\t\t\t\t<div class=\"swiper-button-next\"><\/div>\n\t\t\t\t\t<div class=\"swiper-button-prev\"><\/div>\n\t\t\t\t<\/div>\t\t\t\n\t\t\t\t\t\t\t\t\t\t\t\t\t\t\t\t\t\t\t\t\t\t\t\t\t\t\t\t\t\t\t\t<button class='spectra-image-gallery__control-lightbox--close' aria-label=\"Close\">\n\t\t\t\t\t\t\t\t\t\t\t\t\t<svg xmlns=\"https:\/\/www.w3.org\/2000\/svg\" viewbox= \"0 0 320 512\"><path d=\"M310.6 361.4c12.5 12.5 12.5 32.75 0 45.25C304.4 412.9 296.2 416 288 416s-16.38-3.125-22.62-9.375L160 301.3L54.63 406.6C48.38 412.9 40.19 416 32 416S15.63 412.9 9.375 406.6c-12.5-12.5-12.5-32.75 0-45.25l105.4-105.4L9.375 150.6c-12.5-12.5-12.5-32.75 0-45.25s32.75-12.5 45.25 0L160 210.8l105.4-105.4c12.5-12.5 32.75-12.5 45.25 0s12.5 32.75 0 45.25l-105.4 105.4L310.6 361.4z\"><\/path><\/svg>\n\t\t\t\t\t\t\t\t\t\t\t\t<\/button>\n\t\t\t\t\t\t\t\t\t\t\t\t\t<\/div>\n\t\t\t\t\t\t\t\t\t<\/div>\n<\/div>\n\n\n\n<div class=\"wp-block-uagb-container uagb-block-36742df8 alignfull uagb-is-root-container\"><div class=\"uagb-container-inner-blocks-wrap\">\n<div class=\"wp-block-uagb-container uagb-block-1a21d184\">\t\t\t\t\t<div\n\t\t\t\t\t\tclass=\"wp-block-uagb-image-gallery uagb-block-44998034\"\n\t\t\t\t\t\tstyle=\"\"\n\t\t\t\t\t>\n\t\t\t\t\t\t\t\t\t\t\t<div class=\"spectra-image-gallery spectra-image-gallery__layout--grid spectra-image-gallery__layout--grid-col-2 spectra-image-gallery__layout--grid-col-tab-4 spectra-image-gallery__layout--grid-col-mob-2\">\n\t\t\t\t\t\t\t\t\t\t\t<div class='spectra-image-gallery__media-wrapper' data-spectra-gallery-image-id='1735' tabindex=\"0\">\n\t\t\t\t\t\t\t<div class=\"spectra-image-gallery__media spectra-image-gallery__media--grid\">\n\t\t\t\t<picture>\n\t\t\t\t\t<source media=\"(min-width: 1024px)\" srcset=\"https:\/\/sevilma.com\/wp-content\/uploads\/sevilma_uretim1-1024x683.jpg\">\n\t\t\t\t\t<source media=\"(min-width: 768px)\" srcset=\"https:\/\/sevilma.com\/wp-content\/uploads\/sevilma_uretim1-1024x683.jpg\">\n\t\t\t\t\t<img decoding=\"async\" class=\"spectra-image-gallery__media-thumbnail spectra-image-gallery__media-thumbnail--grid\" src=\"https:\/\/sevilma.com\/wp-content\/uploads\/sevilma_uretim1-300x200.jpg\" alt=\"\" loading=\"lazy\" title=\"\">\n\t\t\t\t<\/picture>\n\t\t\t\t<div class=\"spectra-image-gallery__media-thumbnail-blurrer\"><\/div>\n\t\t\t\t\t\t\t\t\t\t\t<div class=\"spectra-image-gallery__media-thumbnail-caption-wrapper spectra-image-gallery__media-thumbnail-caption-wrapper--overlay\"><\/div>\n\t\t\t\t\t\t\t\t<\/div>\n\t\t\t\t\t\t<\/div>\n\t\t\t\t\t\t<div class='spectra-image-gallery__media-wrapper' data-spectra-gallery-image-id='1736' tabindex=\"0\">\n\t\t\t\t\t\t\t<div class=\"spectra-image-gallery__media spectra-image-gallery__media--grid\">\n\t\t\t\t<picture>\n\t\t\t\t\t<source media=\"(min-width: 1024px)\" srcset=\"https:\/\/sevilma.com\/wp-content\/uploads\/sevilma_uretim2-1024x682.jpg\">\n\t\t\t\t\t<source media=\"(min-width: 768px)\" srcset=\"https:\/\/sevilma.com\/wp-content\/uploads\/sevilma_uretim2-1024x682.jpg\">\n\t\t\t\t\t<img decoding=\"async\" class=\"spectra-image-gallery__media-thumbnail spectra-image-gallery__media-thumbnail--grid\" src=\"https:\/\/sevilma.com\/wp-content\/uploads\/sevilma_uretim2-300x200.jpg\" alt=\"\" loading=\"lazy\" title=\"\">\n\t\t\t\t<\/picture>\n\t\t\t\t<div class=\"spectra-image-gallery__media-thumbnail-blurrer\"><\/div>\n\t\t\t\t\t\t\t\t\t\t\t<div class=\"spectra-image-gallery__media-thumbnail-caption-wrapper spectra-image-gallery__media-thumbnail-caption-wrapper--overlay\"><\/div>\n\t\t\t\t\t\t\t\t<\/div>\n\t\t\t\t\t\t<\/div>\n\t\t\t\t\t\t<div class='spectra-image-gallery__media-wrapper' data-spectra-gallery-image-id='1737' tabindex=\"0\">\n\t\t\t\t\t\t\t<div class=\"spectra-image-gallery__media spectra-image-gallery__media--grid\">\n\t\t\t\t<picture>\n\t\t\t\t\t<source media=\"(min-width: 1024px)\" srcset=\"https:\/\/sevilma.com\/wp-content\/uploads\/sevilma_uretim3-1024x683.jpg\">\n\t\t\t\t\t<source media=\"(min-width: 768px)\" srcset=\"https:\/\/sevilma.com\/wp-content\/uploads\/sevilma_uretim3-1024x683.jpg\">\n\t\t\t\t\t<img decoding=\"async\" class=\"spectra-image-gallery__media-thumbnail spectra-image-gallery__media-thumbnail--grid\" src=\"https:\/\/sevilma.com\/wp-content\/uploads\/sevilma_uretim3-300x200.jpg\" alt=\"\" loading=\"lazy\" title=\"\">\n\t\t\t\t<\/picture>\n\t\t\t\t<div class=\"spectra-image-gallery__media-thumbnail-blurrer\"><\/div>\n\t\t\t\t\t\t\t\t\t\t\t<div class=\"spectra-image-gallery__media-thumbnail-caption-wrapper spectra-image-gallery__media-thumbnail-caption-wrapper--overlay\"><\/div>\n\t\t\t\t\t\t\t\t<\/div>\n\t\t\t\t\t\t<\/div>\n\t\t\t\t\t\t<div class='spectra-image-gallery__media-wrapper' data-spectra-gallery-image-id='1738' tabindex=\"0\">\n\t\t\t\t\t\t\t<div class=\"spectra-image-gallery__media spectra-image-gallery__media--grid\">\n\t\t\t\t<picture>\n\t\t\t\t\t<source media=\"(min-width: 1024px)\" srcset=\"https:\/\/sevilma.com\/wp-content\/uploads\/sevilma_uretim4-1024x682.jpg\">\n\t\t\t\t\t<source media=\"(min-width: 768px)\" srcset=\"https:\/\/sevilma.com\/wp-content\/uploads\/sevilma_uretim4-1024x682.jpg\">\n\t\t\t\t\t<img decoding=\"async\" class=\"spectra-image-gallery__media-thumbnail spectra-image-gallery__media-thumbnail--grid\" src=\"https:\/\/sevilma.com\/wp-content\/uploads\/sevilma_uretim4-300x200.jpg\" alt=\"\" loading=\"lazy\" title=\"\">\n\t\t\t\t<\/picture>\n\t\t\t\t<div class=\"spectra-image-gallery__media-thumbnail-blurrer\"><\/div>\n\t\t\t\t\t\t\t\t\t\t\t<div class=\"spectra-image-gallery__media-thumbnail-caption-wrapper spectra-image-gallery__media-thumbnail-caption-wrapper--overlay\"><\/div>\n\t\t\t\t\t\t\t\t<\/div>\n\t\t\t\t\t\t<\/div>\n\t\t\t\t\t\t<div class='spectra-image-gallery__media-wrapper' data-spectra-gallery-image-id='1739' tabindex=\"0\">\n\t\t\t\t\t\t\t<div class=\"spectra-image-gallery__media spectra-image-gallery__media--grid\">\n\t\t\t\t<picture>\n\t\t\t\t\t<source media=\"(min-width: 1024px)\" srcset=\"https:\/\/sevilma.com\/wp-content\/uploads\/sevilma_uretim5-1024x682.jpg\">\n\t\t\t\t\t<source media=\"(min-width: 768px)\" srcset=\"https:\/\/sevilma.com\/wp-content\/uploads\/sevilma_uretim5-1024x682.jpg\">\n\t\t\t\t\t<img decoding=\"async\" class=\"spectra-image-gallery__media-thumbnail spectra-image-gallery__media-thumbnail--grid\" src=\"https:\/\/sevilma.com\/wp-content\/uploads\/sevilma_uretim5-300x200.jpg\" alt=\"\" loading=\"lazy\" title=\"\">\n\t\t\t\t<\/picture>\n\t\t\t\t<div class=\"spectra-image-gallery__media-thumbnail-blurrer\"><\/div>\n\t\t\t\t\t\t\t\t\t\t\t<div class=\"spectra-image-gallery__media-thumbnail-caption-wrapper spectra-image-gallery__media-thumbnail-caption-wrapper--overlay\"><\/div>\n\t\t\t\t\t\t\t\t<\/div>\n\t\t\t\t\t\t<\/div>\n\t\t\t\t\t\t<div class='spectra-image-gallery__media-wrapper' data-spectra-gallery-image-id='1740' tabindex=\"0\">\n\t\t\t\t\t\t\t<div class=\"spectra-image-gallery__media spectra-image-gallery__media--grid\">\n\t\t\t\t<picture>\n\t\t\t\t\t<source media=\"(min-width: 1024px)\" srcset=\"https:\/\/sevilma.com\/wp-content\/uploads\/sevilma_uretim6-1024x682.jpg\">\n\t\t\t\t\t<source media=\"(min-width: 768px)\" srcset=\"https:\/\/sevilma.com\/wp-content\/uploads\/sevilma_uretim6-1024x682.jpg\">\n\t\t\t\t\t<img decoding=\"async\" class=\"spectra-image-gallery__media-thumbnail spectra-image-gallery__media-thumbnail--grid\" src=\"https:\/\/sevilma.com\/wp-content\/uploads\/sevilma_uretim6-300x200.jpg\" alt=\"\" loading=\"lazy\" title=\"\">\n\t\t\t\t<\/picture>\n\t\t\t\t<div class=\"spectra-image-gallery__media-thumbnail-blurrer\"><\/div>\n\t\t\t\t\t\t\t\t\t\t\t<div class=\"spectra-image-gallery__media-thumbnail-caption-wrapper spectra-image-gallery__media-thumbnail-caption-wrapper--overlay\"><\/div>\n\t\t\t\t\t\t\t\t<\/div>\n\t\t\t\t\t\t<\/div>\n\t\t\t\t\t\t\t\t\t\t<\/div>\n\t\t\t\t\t\t\t\t\t\t\t\t\t\t\t\t\t\t<\/div>\n\t\t\t\t\t\t\t\t\t\t\t<div class='spectra-image-gallery__control-lightbox' tabindex='0'>\n\t\t\t\t\t\t\t\t\t\t\t<div class=\"swiper spectra-image-gallery__control-lightbox--main\" dir=\"\">\n\t\t\t\t\t<div class=\"swiper-wrapper\">\n\t\t\t\t\t\t\t\t\t\t\t\t\t\n\t\t\t\t\t\t\t<div class=\"swiper-slide\">\n\t\t\t\t\t\t\t\t<img class=\"swiper-lazy\" data-src=\"https:\/\/sevilma.com\/wp-content\/uploads\/sevilma_uretim1.jpg\" alt=\"\"\/>\n\t\t\t\t\t\t\t\t<div class=\"swiper-lazy-preloader swiper-lazy-preloader-white\"><\/div>\n\t\t\t\t\t\t\t\t\t\t\t\t\t\t\t<\/div>\n\t\t\t\t\t\t\t\t\t\t\t\t\t\n\t\t\t\t\t\t\t<div class=\"swiper-slide\">\n\t\t\t\t\t\t\t\t<img class=\"swiper-lazy\" data-src=\"https:\/\/sevilma.com\/wp-content\/uploads\/sevilma_uretim2.jpg\" alt=\"\"\/>\n\t\t\t\t\t\t\t\t<div class=\"swiper-lazy-preloader swiper-lazy-preloader-white\"><\/div>\n\t\t\t\t\t\t\t\t\t\t\t\t\t\t\t<\/div>\n\t\t\t\t\t\t\t\t\t\t\t\t\t\n\t\t\t\t\t\t\t<div class=\"swiper-slide\">\n\t\t\t\t\t\t\t\t<img class=\"swiper-lazy\" data-src=\"https:\/\/sevilma.com\/wp-content\/uploads\/sevilma_uretim3.jpg\" alt=\"\"\/>\n\t\t\t\t\t\t\t\t<div class=\"swiper-lazy-preloader swiper-lazy-preloader-white\"><\/div>\n\t\t\t\t\t\t\t\t\t\t\t\t\t\t\t<\/div>\n\t\t\t\t\t\t\t\t\t\t\t\t\t\n\t\t\t\t\t\t\t<div class=\"swiper-slide\">\n\t\t\t\t\t\t\t\t<img class=\"swiper-lazy\" data-src=\"https:\/\/sevilma.com\/wp-content\/uploads\/sevilma_uretim4.jpg\" alt=\"\"\/>\n\t\t\t\t\t\t\t\t<div class=\"swiper-lazy-preloader swiper-lazy-preloader-white\"><\/div>\n\t\t\t\t\t\t\t\t\t\t\t\t\t\t\t<\/div>\n\t\t\t\t\t\t\t\t\t\t\t\t\t\n\t\t\t\t\t\t\t<div class=\"swiper-slide\">\n\t\t\t\t\t\t\t\t<img class=\"swiper-lazy\" data-src=\"https:\/\/sevilma.com\/wp-content\/uploads\/sevilma_uretim5.jpg\" alt=\"\"\/>\n\t\t\t\t\t\t\t\t<div class=\"swiper-lazy-preloader swiper-lazy-preloader-white\"><\/div>\n\t\t\t\t\t\t\t\t\t\t\t\t\t\t\t<\/div>\n\t\t\t\t\t\t\t\t\t\t\t\t\t\n\t\t\t\t\t\t\t<div class=\"swiper-slide\">\n\t\t\t\t\t\t\t\t<img class=\"swiper-lazy\" data-src=\"https:\/\/sevilma.com\/wp-content\/uploads\/sevilma_uretim6.jpg\" alt=\"\"\/>\n\t\t\t\t\t\t\t\t<div class=\"swiper-lazy-preloader swiper-lazy-preloader-white\"><\/div>\n\t\t\t\t\t\t\t\t\t\t\t\t\t\t\t<\/div>\n\t\t\t\t\t\t\t\t\t\t\t<\/div>\n\t\t\t\t\t<div class=\"swiper-button-next\"><\/div>\n\t\t\t\t\t<div class=\"swiper-button-prev\"><\/div>\n\t\t\t\t<\/div>\t\t\t\n\t\t\t\t\t\t\t\t\t\t\t\t\t\t\t\t\t\t\t\t\t\t\t\t\t\t\t\t\t\t\t\t<button class='spectra-image-gallery__control-lightbox--close' aria-label=\"Close\">\n\t\t\t\t\t\t\t\t\t\t\t\t\t<svg xmlns=\"https:\/\/www.w3.org\/2000\/svg\" viewbox= \"0 0 320 512\"><path d=\"M310.6 361.4c12.5 12.5 12.5 32.75 0 45.25C304.4 412.9 296.2 416 288 416s-16.38-3.125-22.62-9.375L160 301.3L54.63 406.6C48.38 412.9 40.19 416 32 416S15.63 412.9 9.375 406.6c-12.5-12.5-12.5-32.75 0-45.25l105.4-105.4L9.375 150.6c-12.5-12.5-12.5-32.75 0-45.25s32.75-12.5 45.25 0L160 210.8l105.4-105.4c12.5-12.5 32.75-12.5 45.25 0s12.5 32.75 0 45.25l-105.4 105.4L310.6 361.4z\"><\/path><\/svg>\n\t\t\t\t\t\t\t\t\t\t\t\t<\/button>\n\t\t\t\t\t\t\t\t\t\t\t\t\t<\/div>\n\t\t\t\t\t\t\t\t\t<\/div>\n\n\n\n<div class=\"wp-block-uagb-container uagb-block-047354ce\">\n<h3 class=\"wp-block-heading\"><strong>\u00dcretim A\u015famalar\u0131<\/strong>&nbsp;<\/h3>\n\n\n\n<p><strong>Zeytin hasad\u0131<\/strong><\/p>\n\n\n\n<p>Zeytinler Ekim ile Mart aylar\u0131 aras\u0131nda hasat edilir. Kaliteli zeytinya\u011f\u0131 \u00fcretmek i\u00e7in zeytinler hasat edildikten sonra en ge\u00e7 24 saat i\u00e7erisinde zeytinya\u011f\u0131 \u00fcretim a\u015famas\u0131na ge\u00e7ilmesi gerekir. Bu nedenle fabrikam\u0131za gelen zeytinler bekletilmeden s\u0131k\u0131l\u0131r.&nbsp;<\/p>\n\n\n\n<p><strong>Zeytin y\u0131kama ve ay\u0131klama<\/strong><\/p>\n\n\n\n<p>Hasat esnas\u0131nda zeytinin aras\u0131na zeytinya\u011f\u0131n\u0131n kalitesini olumsuz y\u00f6nde etkileyebilecek maddeler (dal, yaprak ya da ta\u015f gibi) kar\u0131\u015ft\u0131\u011f\u0131ndan \u00f6ncelikle bu maddelerin temizlenmesi gerekir. Fabrikaya kasa i\u00e7erisinde ta\u015f\u0131nm\u0131\u015f olan zeytinler \u201cbunker\u201d ad\u0131 verilen \u00e7ukur b\u00f6l\u00fcme bo\u015falt\u0131l\u0131r. \u201cElevat\u00f6r\u201d ad\u0131 verilen ta\u015f\u0131ma band\u0131 ile fanlar\u0131n oldu\u011fu b\u00f6l\u00fcme ta\u015f\u0131nan zeytinler, burada yabanc\u0131 maddelerden ar\u0131nd\u0131r\u0131l\u0131r. Zeytinler, \u00fczerlerindeki tozlar\u0131n temizlenmesi \u00e7in tazyikli suda y\u0131kan\u0131r. Bu i\u015flemin ard\u0131ndan zeytinler k\u0131rma ve ezme b\u00f6l\u00fcm\u00fcne ge\u00e7er.<\/p>\n\n\n\n<p><strong>K\u0131rma ve ezme<\/strong><\/p>\n\n\n\n<p>\u00dcretim s\u00fcrecinin bu a\u015famas\u0131nda, ya\u011f\u0131n kolayca \u00e7\u0131kmas\u0131n\u0131 sa\u011flamak i\u00e7in k\u0131rma b\u00f6l\u00fcm\u00fcne gelen zeytinler \u00e7ekirde\u011fiyle birlikte k\u0131r\u0131l\u0131p ezilerek hamur haline getirilir.<\/p>\n\n\n\n<p><strong>Yo\u011furma (Malaksasyon)<\/strong><\/p>\n\n\n\n<p>Bu b\u00f6l\u00fcm, zeytinya\u011f\u0131 \u00fcretim a\u015famas\u0131n\u0131n en \u00f6nemli a\u015famas\u0131d\u0131r. \u201cMalaksasyon\u201d i\u015flemi zeytin hamurunun yo\u011frulmas\u0131 i\u015flemidir. Ezilen ve art\u0131k p\u00fcre haline gelen zeytin ortalama 20-40 dakika aras\u0131nda \u201cmalaks\u00f6r\u201d ad\u0131 verilen makineler taraf\u0131ndan \u0131s\u0131t\u0131larak yo\u011frulur. Bir zeytinya\u011f\u0131na \u201cso\u011fuk s\u0131k\u0131m\u201d diyebilmek i\u00e7in malaksasyon i\u015fleminin 27\u00b0 derecenin ger\u00e7ekle\u015fmesi gerekir. Fabrikam\u0131zdaki b\u00fct\u00fcn zeytinya\u011flar\u0131 so\u011fuk s\u0131k\u0131m y\u00f6ntemiyle elde edilir.&nbsp;<br><br> Malaksasyon i\u015flemi bitti\u011finde zeytin hamuru bir sonraki kat\u0131-s\u0131v\u0131 faz ayr\u0131m\u0131 a\u015famas\u0131na ge\u00e7er.<\/p>\n\n\n\n<p><strong>Ayr\u0131\u015ft\u0131rma (Dekant\u00f6r)<\/strong><\/p>\n\n\n\n<p>Bu a\u015famada, zeytin hamuru hamur pompas\u0131 arac\u0131l\u0131\u011f\u0131 ile \u201cdekant\u00f6r\u201d ad\u0131 verilen b\u00f6l\u00fcme g\u00f6nderilir. Dekant\u00f6r, yatay bir silindirik sistemdir. Bu b\u00f6l\u00fcmde ya\u011f ve karasu pirinadan yani zeytinin posas\u0131ndan ayr\u0131l\u0131r. Zeytin hamuru, yatay d\u00fczlemde d\u00f6nerken \u201cprina\u201d ad\u0131 verilen posa d\u0131\u015far\u0131 at\u0131l\u0131r.<\/p>\n\n\n\n<p><strong>Tekrar Ayr\u0131\u015ft\u0131rma (Santrif\u00fcj separat\u00f6r)<\/strong><\/p>\n\n\n\n<p>Bir evvelki b\u00f6l\u00fcmde ya\u011f ile karasu pirinadan ayr\u0131\u015ft\u0131r\u0131lm\u0131\u015ft\u0131r. Pirinadan ayr\u0131lan ya\u011f ve karasu pompalar yard\u0131m\u0131 ile \u201csantrif\u00fcj separat\u00f6r\u201d ad\u0131 verilen b\u00f6l\u00fcme aktar\u0131l\u0131r. Ya\u011f bu a\u015famada ikinci kez ayr\u0131\u015ft\u0131r\u0131lm\u0131\u015f olur. Burada hafif olan karasu a\u011f\u0131r olan zeytinya\u011f\u0131ndan ayr\u0131l\u0131r. Bu s\u00fcre\u00e7 zeytinya\u011f\u0131 \u00fcretiminde son a\u015famad\u0131r, art\u0131k taze zeytinya\u011f\u0131 depolanmaya haz\u0131rd\u0131r.<\/p>\n\n\n\n<p><strong>Analiz ve tad\u0131m<\/strong><\/p>\n\n\n\n<p>Zeytinya\u011f\u0131 \u00fcretimden sonra, bir\u00e7ok kimyasal ve duyusal analizden ge\u00e7irilir. Kendi laboratuvar\u0131m\u0131zda asitlik analizi yap\u0131l\u0131r. Bu analiz sonu\u00e7lar\u0131na g\u00f6re farkl\u0131 \u00f6zelliklere sahip olan zeytinya\u011flar\u0131 farkl\u0131 b\u00f6l\u00fcmlerde depolan\u0131r. Ayr\u0131ca zeytinya\u011f\u0131 \u0131\u015f\u0131\u011fa maruz kalmamas\u0131 gerekti\u011finden, depomuz d\u0131\u015far\u0131dan hi\u00e7 \u0131\u015f\u0131k almaz ve deponun kendi i\u00e7 \u0131\u015f\u0131kland\u0131r\u0131lmas\u0131 da bu kritere uygun \u015fekilde tasarlanm\u0131\u015ft\u0131r.<\/p>\n\n\n\n<p><strong>Depolama<\/strong><\/p>\n\n\n\n<p>Zeytinya\u011f\u0131 \u00fcretimi kadar depolama s\u00fcreci de b\u00fcy\u00fck \u00f6nem ta\u015f\u0131r. Sevilma Zeytinya\u011flar\u0131n\u0131 \u00fcretirken Ekim- Kas\u0131m ve Aral\u0131k aylar\u0131nda elde etti\u011fimiz zeytinya\u011f\u0131n\u0131n t\u00fcm sene boyunca ilk g\u00fcnk\u00fc tazeli\u011fini koruyabilmesi i\u00e7in azami \u00f6zeni g\u00f6steriyoruz. Depolar\u0131m\u0131zdaki zeytinya\u011f\u0131n\u0131 \u0131s\u0131, \u0131\u015f\u0131k ve oksijene maruz kalmayacak \u015fekilde, \u00f6zenle muhafaza ediyoruz. Zeytinya\u011f\u0131m\u0131z\u0131 ani \u0131s\u0131 de\u011fi\u015fikliklerinden etkilenmemesi i\u00e7in, s\u0131cakl\u0131\u011f\u0131 s\u00fcrekli olarak kontrol alt\u0131nda tutulan depomuzda, krom tanklarda dinlendiriyoruz.<\/p>\n\n\n\n<p><strong>Filtreleme<\/strong><\/p>\n\n\n\n<p>Zeytinya\u011f\u0131 \u00fcretiminde opsiyonel olan bu ad\u0131m,&nbsp; bu i\u015flem i\u00e7in \u00f6zel olarak \u00fcretilen ka\u011f\u0131t filtreler yoluyla yap\u0131l\u0131r. Filtrasyon, zeytinya\u011f\u0131n\u0131 i\u00e7erisindeki tortulardan ar\u0131nd\u0131r\u0131r. B\u00f6ylelikle zeytinya\u011f\u0131 daha parlak ve berrak bir g\u00f6r\u00fcnt\u00fcye kavu\u015fur.<\/p>\n\n\n\n<p><strong>Dolum \u00dcnitesi<\/strong><\/p>\n\n\n\n<p>En \u00fcst d\u00fczey kalite ve g\u0131da g\u00fcvenli\u011fi standartlar\u0131na uygun tesisimizde, hijyenik \u015fartlarda el de\u011fmeden, otomatik sistemde dolum yap\u0131yoruz.<\/p>\n\n\n\n<p><strong>Ambalajlama<\/strong><\/p>\n\n\n\n<p>\u00dcr\u00fcnlerin ambalajlanmas\u0131 ise sipari\u015finiz \u00fczerine ger\u00e7ekle\u015fiyor. Bu s\u00fcrece kadar, zeytinya\u011f\u0131n\u0131 krom tank\u0131n i\u00e7erisinde tutmaya \u00f6zen g\u00f6steriyoruz. Ard\u0131ndan \u00fcr\u00fcnlerimizi iste\u011finize uygun bir \u015fekilde paketleyerek kargo ile sat\u0131\u015f noktalar\u0131m\u0131za ya da do\u011frudan sizlere ula\u015ft\u0131r\u0131yoruz.<\/p>\n<\/div>\n<\/div><\/div>","protected":false},"excerpt":{"rendered":"<p>Ercan Baba \u00c7itfli\u011fi Hikayemiz Ercan Baba \u00c7iftli\u011fi \u00c7anakkale Gelibolu\u2019da 250 y\u0131ld\u0131r ekmeklik ve makarnal\u0131k bu\u011fday \u00fcreten At\u0131f Eken \u00c7iftli\u011fi\u2019nin \u00fcyeleriyiz. 2011\u2019de Seferihisar\u2019a yerle\u015ftik. Zaman i\u00e7inde Ege\u2019nin kadim zeytin k\u00fclt\u00fcr\u00fcn\u00fc ke\u015ffettik ve \u00f6\u011frenmeye ba\u015flad\u0131k. Zeytin a\u011fa\u00e7lar\u0131, bizim i\u00e7in bir a\u015fka d\u00f6n\u00fc\u015ft\u00fc. \u0130ki asr\u0131 a\u015fk\u0131n \u00e7ift\u00e7ilik tecr\u00fcbemizi, Ege\u2019nin zeytin k\u00fclt\u00fcr\u00fcyle bulu\u015fturmaya karar verdik. Gelibolu\u2019da dedelerimizden kalan bir [&hellip;]<\/p>\n","protected":false},"author":1,"featured_media":1686,"parent":0,"menu_order":0,"comment_status":"closed","ping_status":"closed","template":"","meta":{"_uag_custom_page_level_css":"","site-sidebar-layout":"no-sidebar","site-content-layout":"","ast-site-content-layout":"normal-width-container","site-content-style":"unboxed","site-sidebar-style":"default","ast-global-header-display":"","ast-banner-title-visibility":"","ast-main-header-display":"","ast-hfb-above-header-display":"","ast-hfb-below-header-display":"","ast-hfb-mobile-header-display":"","site-post-title":"disabled","ast-breadcrumbs-content":"","ast-featured-img":"","footer-sml-layout":"","ast-disable-related-posts":"","theme-transparent-header-meta":"enabled","adv-header-id-meta":"","stick-header-meta":"","header-above-stick-meta":"","header-main-stick-meta":"","header-below-stick-meta":"","astra-migrate-meta-layouts":"set","ast-page-background-enabled":"default","ast-page-background-meta":{"desktop":{"background-color":"var(--ast-global-color-4)","background-image":"","background-repeat":"repeat","background-position":"center center","background-size":"auto","background-attachment":"scroll","background-type":"","background-media":"","overlay-type":"","overlay-color":"","overlay-opacity":"","overlay-gradient":""},"tablet":{"background-color":"","background-image":"","background-repeat":"repeat","background-position":"center center","background-size":"auto","background-attachment":"scroll","background-type":"","background-media":"","overlay-type":"","overlay-color":"","overlay-opacity":"","overlay-gradient":""},"mobile":{"background-color":"","background-image":"","background-repeat":"repeat","background-position":"center center","background-size":"auto","background-attachment":"scroll","background-type":"","background-media":"","overlay-type":"","overlay-color":"","overlay-opacity":"","overlay-gradient":""}},"ast-content-background-meta":{"desktop":{"background-color":"var(--ast-global-color-5)","background-image":"","background-repeat":"repeat","background-position":"center center","background-size":"auto","background-attachment":"scroll","background-type":"","background-media":"","overlay-type":"","overlay-color":"","overlay-opacity":"","overlay-gradient":""},"tablet":{"background-color":"var(--ast-global-color-5)","background-image":"","background-repeat":"repeat","background-position":"center center","background-size":"auto","background-attachment":"scroll","background-type":"","background-media":"","overlay-type":"","overlay-color":"","overlay-opacity":"","overlay-gradient":""},"mobile":{"background-color":"var(--ast-global-color-5)","background-image":"","background-repeat":"repeat","background-position":"center center","background-size":"auto","background-attachment":"scroll","background-type":"","background-media":"","overlay-type":"","overlay-color":"","overlay-opacity":"","overlay-gradient":""}},"footnotes":""},"class_list":["post-1927","page","type-page","status-publish","has-post-thumbnail","hentry"],"uagb_featured_image_src":{"full":["https:\/\/sevilma.com\/wp-content\/uploads\/ercan_baba_zeytinyagi_fabrikasi-1.jpg",1280,853,false],"thumbnail":["https:\/\/sevilma.com\/wp-content\/uploads\/ercan_baba_zeytinyagi_fabrikasi-1-150x150.jpg",150,150,true],"medium":["https:\/\/sevilma.com\/wp-content\/uploads\/ercan_baba_zeytinyagi_fabrikasi-1-300x200.jpg",300,200,true],"medium_large":["https:\/\/sevilma.com\/wp-content\/uploads\/ercan_baba_zeytinyagi_fabrikasi-1-768x512.jpg",768,512,true],"large":["https:\/\/sevilma.com\/wp-content\/uploads\/ercan_baba_zeytinyagi_fabrikasi-1-1024x682.jpg",1024,682,true],"1536x1536":["https:\/\/sevilma.com\/wp-content\/uploads\/ercan_baba_zeytinyagi_fabrikasi-1.jpg",1280,853,false],"2048x2048":["https:\/\/sevilma.com\/wp-content\/uploads\/ercan_baba_zeytinyagi_fabrikasi-1.jpg",1280,853,false],"trp-custom-language-flag":["https:\/\/sevilma.com\/wp-content\/uploads\/ercan_baba_zeytinyagi_fabrikasi-1.jpg",18,12,false],"woocommerce_thumbnail":["https:\/\/sevilma.com\/wp-content\/uploads\/ercan_baba_zeytinyagi_fabrikasi-1-600x750.jpg",600,750,true],"woocommerce_single":["https:\/\/sevilma.com\/wp-content\/uploads\/ercan_baba_zeytinyagi_fabrikasi-1-900x600.jpg",900,600,true],"woocommerce_gallery_thumbnail":["https:\/\/sevilma.com\/wp-content\/uploads\/ercan_baba_zeytinyagi_fabrikasi-1-100x100.jpg",100,100,true]},"uagb_author_info":{"display_name":"erdem","author_link":"https:\/\/sevilma.com\/en\/author\/erdem\/"},"uagb_comment_info":0,"uagb_excerpt":"Ercan Baba \u00c7itfli\u011fi Hikayemiz Ercan Baba \u00c7iftli\u011fi \u00c7anakkale Gelibolu\u2019da 250 y\u0131ld\u0131r ekmeklik ve makarnal\u0131k bu\u011fday \u00fcreten At\u0131f Eken \u00c7iftli\u011fi\u2019nin \u00fcyeleriyiz. 2011\u2019de Seferihisar\u2019a yerle\u015ftik. Zaman i\u00e7inde Ege\u2019nin kadim zeytin k\u00fclt\u00fcr\u00fcn\u00fc ke\u015ffettik ve \u00f6\u011frenmeye ba\u015flad\u0131k. Zeytin a\u011fa\u00e7lar\u0131, bizim i\u00e7in bir a\u015fka d\u00f6n\u00fc\u015ft\u00fc. \u0130ki asr\u0131 a\u015fk\u0131n \u00e7ift\u00e7ilik tecr\u00fcbemizi, Ege\u2019nin zeytin k\u00fclt\u00fcr\u00fcyle bulu\u015fturmaya karar verdik. Gelibolu\u2019da dedelerimizden kalan bir&hellip;","_links":{"self":[{"href":"https:\/\/sevilma.com\/en\/wp-json\/wp\/v2\/pages\/1927","targetHints":{"allow":["GET"]}}],"collection":[{"href":"https:\/\/sevilma.com\/en\/wp-json\/wp\/v2\/pages"}],"about":[{"href":"https:\/\/sevilma.com\/en\/wp-json\/wp\/v2\/types\/page"}],"author":[{"embeddable":true,"href":"https:\/\/sevilma.com\/en\/wp-json\/wp\/v2\/users\/1"}],"replies":[{"embeddable":true,"href":"https:\/\/sevilma.com\/en\/wp-json\/wp\/v2\/comments?post=1927"}],"version-history":[{"count":1,"href":"https:\/\/sevilma.com\/en\/wp-json\/wp\/v2\/pages\/1927\/revisions"}],"predecessor-version":[{"id":2974,"href":"https:\/\/sevilma.com\/en\/wp-json\/wp\/v2\/pages\/1927\/revisions\/2974"}],"wp:featuredmedia":[{"embeddable":true,"href":"https:\/\/sevilma.com\/en\/wp-json\/wp\/v2\/media\/1686"}],"wp:attachment":[{"href":"https:\/\/sevilma.com\/en\/wp-json\/wp\/v2\/media?parent=1927"}],"curies":[{"name":"wp","href":"https:\/\/api.w.org\/{rel}","templated":true}]}}